{"id":437289,"date":"2021-07-07T11:42:22","date_gmt":"2021-07-07T15:42:22","guid":{"rendered":"https:\/\/omh-ohcc.ca\/hu\/?page_id=437289"},"modified":"2026-02-14T16:45:33","modified_gmt":"2026-02-14T21:45:33","slug":"vezetoseg-tortenelem","status":"publish","type":"page","link":"https:\/\/omh-ohcc.ca\/hu\/rolunk\/vezetoseg-tortenelem\/","title":{"rendered":"Vezet\u0151s\u00e9g t\u00f6rt\u00e9nelem"},"content":{"rendered":"<h2>2021\u20132023<\/h2>\n<table>\n<tbody>\n<tr>\n<th style=\"width:25%;text-align:right;border:none\">Eln\u00f6k<\/th>\n<td style=\"border:none\">B\u00e1ns\u00e1gi Rudolf<\/td>\n<\/tr>\n<tr>\n<th style=\"width:25%;text-align:right;border:none\">Aleln\u00f6k<\/th>\n<td style=\"border:none\">Szeri B\u00e9la<\/td>\n<\/tr>\n<tr>\n<th style=\"width:25%;text-align:right;border:none\">Titk\u00e1r<\/th>\n<td style=\"border:none\">\u2013<\/td>\n<\/tr>\n<tr>\n<th style=\"width:25%;text-align:right;border:none\">P\u00e9nzt\u00e1ros<\/th>\n<td style=\"border:none\">Palencs\u00e1r Edit<\/td>\n<\/tr>\n<tr>\n<th style=\"width:25%;text-align:right;vertical-align:top;border:none\">Igazgat\u00f3i tan\u00e1cstagok<\/th>\n<td style=\"border:none\">Szab\u00f3 B\u00e9la<\/td>\n<\/tr>\n<tr>\n<th style=\"width:25%;text-align:right;vertical-align:top;border:none\">Ellen\u0151r\u00f6k<\/th>\n<td style=\"border:none\">Balogh G\u00e1bor<br \/>K\u00f6nt\u00e9s Ferenc<br \/>V\u00e9ghely Tibor<\/td>\n<\/tr>\n<tr>\n<th style=\"width:25%;text-align:right;border:none\">Karbantart\u00e1si igazgat\u00f3<\/th>\n<td style=\"border:none\">B\u00e1ns\u00e1gi Rudolf<\/td>\n<\/tr>\n<tr>\n<th style=\"width:25%;text-align:right;border:none\">Kultur\u00e1lis igazgat\u00f3<\/th>\n<td style=\"border:none\">Finta G\u00e1bor<\/td>\n<\/tr>\n<tr>\n<th style=\"width:25%;text-align:right;border:none\">Technikai igazgat\u00f3<\/th>\n<td style=\"border:none\">\u2013<\/td>\n<\/tr>\n<\/tbody>\n<\/table>\n<p><\/html><\/p>\n<h2>2019\u20132021<\/h2>\n<table>\n<tbody>\n<tr>\n<th style=\"width:25%;text-align:right;border:none\">Eln\u00f6k<\/th>\n<td style=\"border:none\">Dr. Lapohos Tibor<\/td>\n<\/tr>\n<tr>\n<th style=\"width:25%;text-align:right;border:none\">Aleln\u00f6k<\/th>\n<td style=\"border:none\">Finta G\u00e1bor<\/td>\n<\/tr>\n<tr>\n<th style=\"width:25%;text-align:right;border:none\">Titk\u00e1r<\/th>\n<td style=\"border:none\">T\u00f3th Magdolna (mand\u00e1tuma k\u00f6zben lemond)<\/td>\n<\/tr>\n<tr>\n<th style=\"width:25%;text-align:right;border:none\">P\u00e9nzt\u00e1ros<\/th>\n<td style=\"border:none\">Palencs\u00e1r Edit<\/td>\n<\/tr>\n<tr>\n<th style=\"width:25%;text-align:right;vertical-align:top;border:none\">Igazgat\u00f3i tan\u00e1cstagok<\/th>\n<td style=\"border:none\">B\u00e1ns\u00e1gi Rudolf<br \/>K\u00f6nt\u00e9s Ferenc<br \/>Szab\u00f3 B\u00e9la<\/td>\n<\/tr>\n<tr>\n<th style=\"width:25%;text-align:right;vertical-align:top;border:none\">Ellen\u0151r\u00f6k<\/th>\n<td style=\"border:none\">Damjanschitz B\u00e9la<br \/>Szeri B\u00e9la<br \/>V\u00e9ghely Tibor<\/td>\n<\/tr>\n<tr>\n<th style=\"width:25%;text-align:right;border:none\">Karbantart\u00e1si igazgat\u00f3<\/th>\n<td style=\"border:none\">B\u00e1ns\u00e1gi Rudolf<\/td>\n<\/tr>\n<tr>\n<th style=\"width:25%;text-align:right;border:none\">Kultur\u00e1lis igazgat\u00f3<\/th>\n<td style=\"border:none\">Finta G\u00e1bor<\/td>\n<\/tr>\n<tr>\n<th style=\"width:25%;text-align:right;border:none\">Technikai igazgat\u00f3<\/th>\n<td style=\"border:none\">\u2013<\/td>\n<\/tr>\n<\/tbody>\n<\/table>\n<h2>2017\u20132019<\/h2>\n<table>\n<tbody>\n<tr>\n<th style=\"width:25%;text-align:right;border:none\">Eln\u00f6k<\/th>\n<td style=\"border:none\">Dr. Lapohos Tibor<\/td>\n<\/tr>\n<tr>\n<th style=\"width:25%;text-align:right;border:none\">Aleln\u00f6k<\/th>\n<td style=\"border:none\">B\u00e1ns\u00e1gi Rudolf<\/td>\n<\/tr>\n<tr>\n<th style=\"width:25%;text-align:right;border:none\">Titk\u00e1r<\/th>\n<td style=\"border:none\">Kolesz\u00e1r Istv\u00e1n<\/td>\n<\/tr>\n<tr>\n<th style=\"width:25%;text-align:right;border:none\">P\u00e9nzt\u00e1ros<\/th>\n<td style=\"border:none\">Palencs\u00e1r Edit<\/td>\n<\/tr>\n<tr>\n<th style=\"width:25%;text-align:right;border:none\">Igazgat\u00f3i tan\u00e1cstagok<\/th>\n<td style=\"border:none\">Finta G\u00e1bor<br \/>Szab\u00f3 B\u00e9la<br \/>T\u00f3th Magdolna<\/td>\n<\/tr>\n<tr>\n<th style=\"width:25%;text-align:right;border:none\">Ellen\u0151r\u00f6k<\/th>\n<td style=\"border:none\">Damjanschitz B\u00e9la<br \/>Szeri B\u00e9la<br \/>V\u00e9ghely Tibor<\/td>\n<\/tr>\n<tr>\n<th style=\"width:25%;text-align:right;border:none\">Karbantart\u00e1si igazgat\u00f3<\/th>\n<td style=\"border:none\">B\u00e1ns\u00e1gi Rudolf<\/td>\n<\/tr>\n<tr>\n<th style=\"width:25%;text-align:right;border:none\">Kultur\u00e1lis igazgat\u00f3<\/th>\n<td style=\"border:none\">Finta G\u00e1bor<\/td>\n<\/tr>\n<tr>\n<th style=\"width:25%;text-align:right;border:none\">Technikai igazgat\u00f3<\/th>\n<td style=\"border:none\">Kolesz\u00e1r Istv\u00e1n<\/td>\n<\/tr>\n<\/tbody>\n<\/table>\n<h2>2015\u20132017<\/h2>\n<table>\n<tbody>\n<tr>\n<th style=\"width:25%;text-align:right;border:none\">Eln\u00f6k<\/th>\n<td style=\"border:none\">Dr. Lapohos Tibor<\/td>\n<\/tr>\n<tr>\n<th style=\"width:25%;text-align:right;border:none\">Aleln\u00f6k<\/th>\n<td style=\"border:none\">B\u00e1ns\u00e1gi Rudolf<\/td>\n<\/tr>\n<tr>\n<th style=\"width:25%;text-align:right;border:none\">Titk\u00e1r<\/th>\n<td style=\"border:none\">K\u00f6nt\u00e9s B\u00e9la<\/td>\n<\/tr>\n<tr>\n<th style=\"width:25%;text-align:right;border:none\">P\u00e9nzt\u00e1ros<\/th>\n<td style=\"border:none\">Palencs\u00e1r Edit<\/td>\n<\/tr>\n<tr>\n<th style=\"width:25%;text-align:right;vertical-align:top;border:none\">Igazgat\u00f3i tan\u00e1cstagok<\/th>\n<td style=\"border:none\">De\u00e1k J\u00e1nos (2015.XII.27-\u00e9n elhunyt)<br \/>Radanovics Gy\u00f6rgy<br \/>T\u00f3th Magdolna<br \/>Szab\u00f3 B\u00e9la (2016-ban kinevezett tan\u00e1cstag helyettes)<\/td>\n<\/tr>\n<tr>\n<th style=\"width:25%;text-align:right;vertical-align:top;border:none\">Ellen\u0151r\u00f6k<\/th>\n<td style=\"border:none\">G\u00e1bor Zs\u00f3fia<br \/>Moldov\u00e1n M\u00f3nika<br \/>Damjanschitz B\u00e9la<\/td>\n<\/tr>\n<tr>\n<th style=\"width:25%;text-align:right;border:none\">Karbantart\u00e1si igazgat\u00f3<\/th>\n<td style=\"border:none\">B\u00e1ns\u00e1gi Rudolf<\/td>\n<\/tr>\n<tr>\n<th style=\"width:25%;text-align:right;border:none\">Kultur\u00e1lis igazgat\u00f3<\/th>\n<td style=\"border:none\">Finta G\u00e1bor<\/td>\n<\/tr>\n<tr>\n<th style=\"width:25%;text-align:right;border:none\">Technikai igazgat\u00f3<\/th>\n<td style=\"border:none\">Kolesz\u00e1r Istv\u00e1n<\/td>\n<\/tr>\n<\/tbody>\n<\/table>\n<h2>2013.XII.1\u20132015<\/h2>\n<table>\n<tbody>\n<tr>\n<th style=\"width:25%;text-align:right;border:none\">Eln\u00f6k<\/th>\n<td style=\"border:none\">G\u00e1bor \u00c1ron (2014.IV.9-ig, mand\u00e1tuma k\u00f6zben lemond)<\/td>\n<\/tr>\n<tr>\n<th style=\"width:25%;text-align:right;border:none\">Aleln\u00f6k<\/th>\n<td style=\"border:none\">Dr. Lapohos Tibor<\/td>\n<\/tr>\n<tr>\n<th style=\"width:25%;text-align:right;border:none\">Titk\u00e1r<\/th>\n<td style=\"border:none\">P\u00e1ll Szabolcs<\/td>\n<\/tr>\n<tr>\n<th style=\"width:25%;text-align:right;border:none\">P\u00e9nzt\u00e1ros<\/th>\n<td style=\"border:none\">Radanovics Gy\u00f6rgy<\/td>\n<\/tr>\n<tr>\n<th style=\"width:25%;text-align:right;vertical-align:top;border:none\">Igazgat\u00f3i tan\u00e1cstagok<\/th>\n<td style=\"border:none\">De\u00e1k J\u00e1nos<br \/>Hegyi Ferenc<br \/>Szab\u00f3 L\u00e1szl\u00f3 (2014.I.20-ig)<br \/>Farkas M\u00f3nika (kinevezett tan\u00e1cstag helyettes)<br \/>G\u00e1bor Zs\u00f3fia (kinevezett tan\u00e1cstag helyettes)<\/td>\n<\/tr>\n<tr>\n<th style=\"width:25%;text-align:right;vertical-align:top;border:none\">Ellen\u0151r\u00f6k<\/th>\n<td style=\"border:none\">Boros G\u00e9za<br \/>Jutasi L\u00e1szl\u00f3<br \/>Palencs\u00e1r Edit<\/td>\n<\/tr>\n<tr>\n<th style=\"width:25%;text-align:right;border:none\">Karbantart\u00e1si igazgat\u00f3<\/th>\n<td style=\"border:none\">B\u00e1ns\u00e1gi Rudolf<\/td>\n<\/tr>\n<tr>\n<th style=\"width:25%;text-align:right;border:none\">Kultur\u00e1lis igazgat\u00f3<\/th>\n<td style=\"border:none\">Dr. Feszty D\u00e1niel<\/td>\n<\/tr>\n<tr>\n<th style=\"width:25%;text-align:right;border:none\">Technikai igazgat\u00f3<\/th>\n<td style=\"border:none\">Kolesz\u00e1r Istv\u00e1n<\/td>\n<\/tr>\n<\/tbody>\n<\/table>\n<h2>2013.III\u20132013.XII.1.<\/h2>\n<table>\n<tbody>\n<tr>\n<th style=\"width:25%;text-align:right;border:none\">Eln\u00f6k<\/th>\n<td style=\"border:none\">Szeri B\u00e9la<\/td>\n<\/tr>\n<tr>\n<th style=\"width:25%;text-align:right;border:none\">Aleln\u00f6k<\/th>\n<td style=\"border:none\">Finta G\u00e1bor<\/td>\n<\/tr>\n<tr>\n<th style=\"width:25%;text-align:right;border:none\">P\u00e9nzt\u00e1ros<\/th>\n<td style=\"border:none\">Radanovics Gy\u00f6rgy<\/td>\n<\/tr>\n<tr>\n<th style=\"width:25%;text-align:right;border:none\">Igazgat\u00f3i tan\u00e1cstagok<\/th>\n<td style=\"border:none\">De\u00e1k J\u00e1nos<br \/>Gy\u0151rffy Lajos (2013.V.23-\u00e1n elhunyt)<br \/>Hegyi Ferenc<\/td>\n<\/tr>\n<tr>\n<th style=\"width:25%;text-align:right;border:none\">Ellen\u0151r\u00f6k<\/th>\n<td style=\"border:none\">Boros G\u00e9za<br \/>Jutasi L\u00e1szl\u00f3<br \/>Palencs\u00e1r Edit<\/td>\n<\/tr>\n<\/tbody>\n<\/table>\n<p>Elhal\u00e1loz\u00e1s \u00e9s lemond\u00e1sok miatt a vezet\u0151s\u00e9g m\u0171k\u00f6d\u0151k\u00e9ptelenn\u00e9 v\u00e1lik \u00e9s 2013. december 1-\u00e9n \u00faj v\u00e1laszt\u00e1sokra ker\u00fcl sor.<\/p>\n<h2>2012\u20132013<\/h2>\n<table>\n<tbody>\n<tr>\n<th style=\"width:25%;text-align:right;border:none\">Eln\u00f6k<\/th>\n<td style=\"border:none\">H\u00e1mory Tam\u00e1s<\/td>\n<\/tr>\n<tr>\n<th style=\"width:25%;text-align:right;border:none\">Aleln\u00f6k<\/th>\n<td style=\"border:none\">K\u00f6nt\u00e9s B\u00e9la<\/td>\n<\/tr>\n<tr>\n<th style=\"width:25%;text-align:right;border:none\">Titk\u00e1r<\/th>\n<td style=\"border:none\">P\u00e1ll Szabolcs<\/td>\n<\/tr>\n<tr>\n<th style=\"width:25%;text-align:right;border:none\">P\u00e9nzt\u00e1ros<\/th>\n<td style=\"border:none\">Radanovics Gy\u00f6rgy<\/td>\n<\/tr>\n<tr>\n<th style=\"width:25%;text-align:right;border:none\">Gazdas\u00e1gi igazgat\u00f3<\/th>\n<td style=\"border:none\">Czuczor Erika<\/td>\n<\/tr>\n<tr>\n<th style=\"width:25%;text-align:right;vertical-align:top;border:none\">Ellen\u0151r\u00f6k<\/th>\n<td style=\"border:none\">Andr\u00e1s \u00c9va<\/td>\n<\/tr>\n<\/tbody>\n<\/table>\n<p>\u00daj kanadai t\u00f6rv\u00e9nyek (\u201eNot-for-Profit Corporations Act\u201d) elv\u00e1r\u00e1sainak megfelel\u0151en, megt\u00f6rt\u00e9nik az alapszab\u00e1ly teljes fel\u00faj\u00edt\u00e1sa. Az alapszab\u00e1lyt meg\u00faj\u00edt\u00f3 tags\u00e1gi gy\u0171l\u00e9s 2013. m\u00e1rcius 3-\u00e1n elfogadja az \u00faj iratot, amely 2013. m\u00e1rcius 7-\u00e9n ker\u00fcl beiktat\u00e1sra a Corporations Canada hivatal\u00e1ban, \u00e9s l\u00e9p teljes jogi \u00e9rv\u00e9nybe.<\/p>\n<h2>2010\u20132012<\/h2>\n<table>\n<tbody>\n<tr>\n<th style=\"width:25%;text-align:right;border:none\">Eln\u00f6k<\/th>\n<td style=\"border:none\">B\u00e1ns\u00e1gi Rudolf<\/td>\n<\/tr>\n<tr>\n<th style=\"width:25%;text-align:right;border:none\">Aleln\u00f6k<\/th>\n<td style=\"border:none\">G\u00e1bor Zs\u00f3fia<\/td>\n<\/tr>\n<tr>\n<th style=\"width:25%;text-align:right;border:none\">Titk\u00e1r<\/th>\n<td style=\"border:none\">Farkas Erika<\/td>\n<\/tr>\n<tr>\n<th style=\"width:25%;text-align:right;border:none\">P\u00e9nzt\u00e1ros<\/th>\n<td style=\"border:none\">Radanovics Gy\u00f6rgy<\/td>\n<\/tr>\n<tr>\n<th style=\"width:25%;text-align:right;border:none\">Igazgat\u00f3s\u00e1gi tagok<\/th>\n<td style=\"border:none\">Czuczor Erika<br \/>Palencs\u00e1r Edit<br \/>P\u00e1ll Szabolcs<\/td>\n<\/tr>\n<tr>\n<th style=\"width:25%;text-align:right;vertical-align:top;border:none\">Ellen\u0151r\u00f6k<\/th>\n<td style=\"border:none\">Bakonyi Ervin<br \/>Boros G\u00e9za<br \/>Link Gyula<\/td>\n<\/tr>\n<\/tbody>\n<\/table>\n<p>2012. november 18-\u00e1n a tags\u00e1gi gy\u0171l\u00e9s alapszab\u00e1ly reform\u00e1l\u00f3 d\u00f6nt\u00e9st hoz.<\/p>\n<h2>2008\u20132010<\/h2>\n<table>\n<tbody>\n<tr>\n<th style=\"width:25%;text-align:right;border:none\">Eln\u00f6k<\/th>\n<td style=\"border:none\">B\u00e1ns\u00e1gi Rudolf<\/td>\n<\/tr>\n<tr>\n<th style=\"width:25%;text-align:right;border:none\">Aleln\u00f6k<\/th>\n<td style=\"border:none\">Bakonyi Endre <\/td>\n<\/tr>\n<tr>\n<th style=\"width:25%;text-align:right;border:none\">Aleln\u00f6k<\/th>\n<td style=\"border:none\">Tak\u00e1cs Gy\u00f6rgy<\/td>\n<\/tr>\n<tr>\n<th style=\"width:25%;text-align:right;border:none\">Titk\u00e1r<\/th>\n<td style=\"border:none\">T\u00f3th R\u00f3zsa<\/td>\n<\/tr>\n<tr>\n<th style=\"width:25%;text-align:right;border:none\">P\u00e9nzt\u00e1ros<\/th>\n<td style=\"border:none\">Radanovics Gy\u00f6rgy<\/td>\n<\/tr>\n<tr>\n<th style=\"width:25%;text-align:right;vertical-align:top;border:none\">Igazgat\u00f3s\u00e1gi tagok<\/th>\n<td style=\"border:none\">Lengyel Zsuzsanna<br \/>Polacsek J\u00f3zsef<br \/>V\u00e9ghely Tibor<\/td>\n<\/tr>\n<tr>\n<th style=\"width:25%;text-align:right;vertical-align:top;border:none\">Ellen\u0151r\u00f6k<\/th>\n<td style=\"border:none\">Boros G\u00e9za<br \/>Link Gyula<br \/>T\u00f3th K\u00e1lm\u00e1n<\/td>\n<\/tr>\n<\/tbody>\n<\/table>\n<h2>2007\u20132008<\/h2>\n<table>\n<tbody>\n<tr>\n<th style=\"width:25%;text-align:right;border:none\">Eln\u00f6k<\/th>\n<td style=\"border:none\">G\u00e1bor \u00c1ron<\/td>\n<\/tr>\n<tr>\n<th style=\"width:25%;text-align:right;border:none\">Aleln\u00f6k<\/th>\n<td style=\"border:none\">Bakonyi Endre<\/td>\n<\/tr>\n<tr>\n<th style=\"width:25%;text-align:right;border:none\">Titk\u00e1r<\/th>\n<td style=\"border:none\">T\u00f3th R\u00f3zsa<\/td>\n<\/tr>\n<tr>\n<th style=\"width:25%;text-align:right;border:none\">P\u00e9nzt\u00e1ros<\/th>\n<td style=\"border:none\">Hermann P\u00e9ter<\/td>\n<\/tr>\n<tr>\n<th style=\"width:25%;text-align:right;vertical-align:top;border:none\">Igazgat\u00f3s\u00e1gi tagok<\/th>\n<td style=\"border:none\">B\u00e1ns\u00e1gi Rudolf<br \/>Dupont Anna<br \/>K\u00e1lm\u00e1n Mikl\u00f3s<br \/>Polacsek J\u00f3zsef<\/td>\n<\/tr>\n<tr>\n<th style=\"width:25%;text-align:right;vertical-align:top;border:none\">Ellen\u0151r\u00f6k<\/th>\n<td style=\"border:none\">Boros G\u00e9za<br \/>Link Gyula<\/td>\n<\/tr>\n<\/tbody>\n<\/table>\n<h2>2006\u20132007<\/h2>\n<table>\n<tbody>\n<tr>\n<th style=\"width:25%;text-align:right;border:none\">Eln\u00f6k<\/th>\n<td style=\"border:none\">Bogn\u00e1r Katalin (mand\u00e1tuma k\u00f6zben lemond)<\/td>\n<\/tr>\n<tr>\n<th style=\"width:25%;text-align:right;border:none\">Aleln\u00f6k<\/th>\n<td style=\"border:none\">T\u00f3th K\u00e1lm\u00e1n (mand\u00e1tuma k\u00f6zben lemond)<\/td>\n<\/tr>\n<tr>\n<th style=\"width:25%;text-align:right;border:none\">Titk\u00e1r<\/th>\n<td style=\"border:none\">K\u00f6nt\u00e9s Borb\u00e1la<\/td>\n<\/tr>\n<tr>\n<th style=\"width:25%;text-align:right;border:none\">P\u00e9nzt\u00e1ros<\/th>\n<td style=\"border:none\">Czuczor Erika (\u00fcgyvezet\u0151 eln\u00f6k)<\/td>\n<\/tr>\n<tr>\n<th style=\"width:25%;text-align:right;vertical-align:top;border:none\">Igazgat\u00f3s\u00e1gi tagok<\/th>\n<td style=\"border:none\">Arany L\u00e1szl\u00f3<br \/>Kolesz\u00e1r Istv\u00e1n (mand\u00e1tuma k\u00f6zben lemond)<\/td>\n<\/tr>\n<tr>\n<th style=\"width:25%;text-align:right;vertical-align:top;border:none\">Ellen\u0151r\u00f6k<\/th>\n<td style=\"border:none\">Bakonyi Endre (\u00fcgyvezet\u0151 aleln\u00f6k)<\/td>\n<\/tr>\n<\/tbody>\n<\/table>\n<p>Az Ottawai Magyar H\u00e1z tags\u00e1ga, a vezet\u0151s\u00e9gi lemond\u00e1sok miatt tartott rendk\u00edv\u00fcli taggy\u0171l\u00e9sen, az \u00faj v\u00e1laszt\u00e1sokig a megmaradt vezet\u0151s\u00e9gi tagokat \u00fcgyvezet\u0151k\u00e9nt hagyja j\u00f3v\u00e1.<\/p>\n<h2>2005\u20132006<\/h2>\n<table>\n<tbody>\n<tr>\n<th style=\"width:25%;text-align:right;border:none\">Eln\u00f6k<\/th>\n<td style=\"border:none\">Polg\u00e1r J\u00f3zsef (mand\u00e1tuma k\u00f6zben lemond)<\/td>\n<\/tr>\n<tr>\n<th style=\"width:25%;text-align:right;border:none\">Aleln\u00f6k<\/th>\n<td style=\"border:none\">Kov\u00e1ts Tibor (mand\u00e1tuma k\u00f6zben lemond)<\/td>\n<\/tr>\n<tr>\n<th style=\"width:25%;text-align:right;border:none\">Aleln\u00f6k<\/th>\n<td style=\"border:none\">T\u00f3th K\u00e1lm\u00e1n<\/td>\n<\/tr>\n<tr>\n<th style=\"width:25%;text-align:right;border:none\">Titk\u00e1r<\/th>\n<td style=\"border:none\">K\u00f6nt\u00e9s Borb\u00e1la<\/td>\n<\/tr>\n<tr>\n<th style=\"width:25%;text-align:right;border:none\">P\u00e9nzt\u00e1ros<\/th>\n<td style=\"border:none\">G\u00e1bor Zs\u00f3fia (mand\u00e1tuma k\u00f6zben lemond)<\/td>\n<\/tr>\n<tr>\n<th style=\"width:25%;text-align:right;vertical-align:top;border:none\">Ellen\u0151r\u00f6k<\/th>\n<td style=\"border:none\">Bogn\u00e1r Ferenc<br \/>G\u00e1bor \u00c1ron<\/td>\n<\/tr>\n<\/tbody>\n<\/table>\n<p>A vezet\u0151s\u00e9g lemond\u00e1sok miatt m\u0171k\u00f6d\u0151k\u00e9ptelenn\u00e9 v\u00e1lik \u00e9s \u00faj v\u00e1laszt\u00e1sokra ker\u00fcl sor 2006. m\u00e1rcius 1-\u00e9n.<\/p>\n<h2>2003\u20132005<\/h2>\n<table>\n<tbody>\n<tr>\n<th style=\"width:25%;text-align:right;border:none\">Eln\u00f6k<\/th>\n<td style=\"border:none\">G\u00e1bor \u00c1ron<\/td>\n<\/tr>\n<tr>\n<th style=\"width:25%;text-align:right;border:none\">Aleln\u00f6k<\/th>\n<td style=\"border:none\">Polg\u00e1r J\u00f3zsef<\/td>\n<\/tr>\n<tr>\n<th style=\"width:25%;text-align:right;border:none\">Titk\u00e1r<\/th>\n<td style=\"border:none\">Roller Istv\u00e1n<\/td>\n<\/tr>\n<tr>\n<th style=\"width:25%;text-align:right;border:none\">P\u00e9nzt\u00e1ros<\/th>\n<td style=\"border:none\">B\u00e9res Guszt\u00e1v<\/td>\n<\/tr>\n<tr>\n<th style=\"width:25%;text-align:right;vertical-align:top;border:none\">Ellen\u0151r\u00f6k<\/th>\n<td style=\"border:none\">F\u00f6ldes J\u00e1nos<br \/>Bogn\u00e1r Ferenc (mand\u00e1tuma k\u00f6zben lemond)<\/td>\n<\/tr>\n<\/tbody>\n<\/table>\n<h2>2001\u20132003<\/h2>\n<table>\n<tbody>\n<tr>\n<th style=\"width:25%;text-align:right;border:none\">Eln\u00f6k<\/th>\n<td style=\"border:none\">Gy\u0151rffy Lajos<\/td>\n<\/tr>\n<tr>\n<th style=\"width:25%;text-align:right;border:none\">Aleln\u00f6k<\/th>\n<td style=\"border:none\">Boda J\u00f3zsef (mand\u00e1tuma k\u00f6zben lemond)<br \/>P\u00e9ter Attila<\/td>\n<\/tr>\n<tr>\n<th style=\"width:25%;text-align:right;border:none\">Titk\u00e1r<\/th>\n<td style=\"border:none\">P\u00e9ter Attila<\/td>\n<\/tr>\n<tr>\n<th style=\"width:25%;text-align:right;border:none\">P\u00e9nzt\u00e1ros<\/th>\n<td style=\"border:none\">P\u00e9ter Attila (mand\u00e1tuma k\u00f6zben posztot v\u00e1lt)<br \/>G\u00e1bor Zs\u00f3fia<\/td>\n<\/tr>\n<tr>\n<th style=\"width:25%;text-align:right;vertical-align:top;border:none\">Ellen\u0151r\u00f6k<\/th>\n<td style=\"border:none\">Boros G\u00e9za<br \/>Bakonyi Ervin<br \/>Dusza L\u00e1szl\u00f3<\/td>\n<\/tr>\n<\/tbody>\n<\/table>\n<p><!-- Gy\u0151rffy Lajos eln\u00f6k, \u00e9s Dombi K\u00e1roly titk\u00e1r 2001 el\u0151tt kifejtett kitart\u00f3 k\u00f6zbenj\u00e1r\u00e1sa eredm\u00e9nyek\u00e9nt \n\n\n<p>A CHIN r\u00e1di\u00f3h\u00e1l\u00f3zat megh\u00edvja az Ottawai Magyar H\u00e1z vezet\u0151s\u00e9g\u00e9t is az \u00faj ottawai multikultur\u00e1lis ad\u00e1sban val\u00f3 r\u00e9sztv\u00e9teli CRTC meghallgat\u00e1sokra (2002. j\u00faniust\u00f3l). A Magyar R\u00e1di\u00f3 ad\u00e1sa, Hadh\u00e1zy \u00c9va vezet\u00e9s\u00e9vel, v\u00e9g\u00fcl 2003. december\u00e9ben indult meg.<\/p>\n\n\n2006-ban ezt a szerepet \u00e1tvette Dombi K\u00e1roly 2015 m\u00e1jus\u00e1ig --><\/p>\n<h2>1999\u20132001<\/h2>\n<table>\n<tbody>\n<tr>\n<th style=\"width:25%;text-align:right;border:none\">Eln\u00f6k<\/th>\n<td style=\"border:none\">Gy\u0151rffy Lajos<\/td>\n<\/tr>\n<tr>\n<th style=\"width:25%;text-align:right;border:none\">Aleln\u00f6k<\/th>\n<td style=\"border:none\">Boda J\u00f3zsef<\/td>\n<\/tr>\n<tr>\n<th style=\"width:25%;text-align:right;border:none\">Titk\u00e1r<\/th>\n<td style=\"border:none\">Dombi K\u00e1roly<\/td>\n<\/tr>\n<tr>\n<th style=\"width:25%;text-align:right;border:none\">P\u00e9nzt\u00e1ros<\/th>\n<td style=\"border:none\">P\u00e9ter Attila<\/td>\n<\/tr>\n<tr>\n<th style=\"width:25%;text-align:right;vertical-align:top;border:none\">Ellen\u0151r\u00f6k<\/th>\n<td style=\"border:none\">Dusza L\u00e1szl\u00f3<br \/>Gyurcs\u00e1k S\u00e1ndor<\/td>\n<\/tr>\n<\/tbody>\n<\/table>\n<p>1999. okt\u00f3ber 27-\u00e9n a magyar minisztereln\u00f6k l\u00e1togat\u00e1st tesz az Ottawai Magyar H\u00e1zban.<\/p>\n<h2>1997\u20131999<\/h2>\n<table>\n<tbody>\n<tr>\n<th style=\"width:25%;text-align:right;border:none\">Eln\u00f6k<\/th>\n<td style=\"border:none\">Gy\u0151rffy Lajos<\/td>\n<\/tr>\n<tr>\n<th style=\"width:25%;text-align:right;border:none\">Aleln\u00f6k<\/th>\n<td style=\"border:none\">Polg\u00e1r J\u00f3zsef<\/td>\n<\/tr>\n<tr>\n<th style=\"width:25%;text-align:right;border:none\">Titk\u00e1r<\/th>\n<td style=\"border:none\">Dombi K\u00e1roly<\/td>\n<\/tr>\n<tr>\n<th style=\"width:25%;text-align:right;border:none\">P\u00e9nzt\u00e1ros<\/th>\n<td style=\"border:none\">P\u00e9ter Attila<\/td>\n<\/tr>\n<tr>\n<th style=\"width:25%;text-align:right;border:none\">Ellen\u0151r\u00f6k<\/th>\n<td style=\"border:none\">\u2013<\/td>\n<\/tr>\n<\/tbody>\n<\/table>\n<h2>1995\u20131997<\/h2>\n<table>\n<tbody>\n<tr>\n<th style=\"width:25%;text-align:right;border:none\">Eln\u00f6k<\/th>\n<td style=\"border:none\">Gy\u0151rffy Lajos<\/td>\n<\/tr>\n<tr>\n<th style=\"width:25%;text-align:right;border:none\">Aleln\u00f6k<\/th>\n<td style=\"border:none\">Boda J\u00f3zsef<\/td>\n<\/tr>\n<tr>\n<th style=\"width:25%;text-align:right;border:none\">Titk\u00e1r<\/th>\n<td style=\"border:none\">Dombi K\u00e1roly<\/td>\n<\/tr>\n<tr>\n<th style=\"width:25%;text-align:right;border:none\">P\u00e9nzt\u00e1ros<\/th>\n<td style=\"border:none\">P\u00e9ter Attila<\/td>\n<\/tr>\n<tr>\n<th style=\"width:25%;text-align:right;border:none\">Ellen\u0151r\u00f6k<\/th>\n<td style=\"border:none\">\u2013<\/td>\n<\/tr>\n<\/tbody>\n<\/table>\n<h2>1993\u20131995<\/h2>\n<table>\n<tbody>\n<tr>\n<th style=\"width:25%;text-align:right;border:none\">Eln\u00f6k<\/th>\n<td style=\"border:none\">Gy\u0151rffy Lajos<\/td>\n<\/tr>\n<tr>\n<th style=\"width:25%;text-align:right;border:none\">Aleln\u00f6k<\/th>\n<td style=\"border:none\">Boda J\u00f3zsef<\/td>\n<\/tr>\n<tr>\n<th style=\"width:25%;text-align:right;border:none\">Titk\u00e1r<\/th>\n<td style=\"border:none\">Bogn\u00e1r Ferenc<\/td>\n<\/tr>\n<tr>\n<th style=\"width:25%;text-align:right;border:none\">P\u00e9nzt\u00e1ros<\/th>\n<td style=\"border:none\">Bogn\u00e1r Ferenc<\/td>\n<\/tr>\n<tr>\n<th style=\"width:25%;text-align:right;border:none\">Ellen\u0151r\u00f6k<\/th>\n<td style=\"border:none\">\u2013<\/td>\n<\/tr>\n<\/tbody>\n<\/table>\n<h2>1991\u20131993<\/h2>\n<table>\n<tbody>\n<tr>\n<th style=\"width:25%;text-align:right;border:none\">Eln\u00f6k<\/th>\n<td style=\"border:none\">Gy\u0151rffy Lajos<\/td>\n<\/tr>\n<tr>\n<th style=\"width:25%;text-align:right;border:none\">Aleln\u00f6k<\/th>\n<td style=\"border:none\">Boda J\u00f3zsef<\/td>\n<\/tr>\n<tr>\n<th style=\"width:25%;text-align:right;border:none\">Titk\u00e1r<\/th>\n<td style=\"border:none\">P\u00e9ter Attila<\/td>\n<\/tr>\n<tr>\n<th style=\"width:25%;text-align:right;border:none\">P\u00e9nzt\u00e1ros<\/th>\n<td style=\"border:none\">P\u00e9ter Attila<\/td>\n<\/tr>\n<tr>\n<th style=\"width:25%;text-align:right;border:none\">Igazgat\u00f3s\u00e1gi tagok<\/th>\n<td style=\"border:none\">Kurucz Ferenc<\/td>\n<\/tr>\n<tr>\n<th style=\"width:25%;text-align:right;border:none\">Ellen\u0151r\u00f6k<\/th>\n<td style=\"border:none\">\u2013<\/td>\n<\/tr>\n<\/tbody>\n<\/table>\n<h2>1989\u20131991<\/h2>\n<table>\n<tbody>\n<tr>\n<th style=\"width:25%;text-align:right;border:none\">Eln\u00f6k<\/th>\n<td style=\"border:none\">Gy\u0151rffy Lajos<\/td>\n<\/tr>\n<tr>\n<th style=\"width:25%;text-align:right;border:none\">Aleln\u00f6k<\/th>\n<td style=\"border:none\">Boda J\u00f3zsef<\/td>\n<\/tr>\n<tr>\n<th style=\"width:25%;text-align:right;border:none\">P\u00e9nzt\u00e1ros<\/th>\n<td style=\"border:none\">P\u00e9ter Attila<\/td>\n<\/tr>\n<tr>\n<th style=\"width:25%;text-align:right;border:none\">Igazgat\u00f3s\u00e1gi tagok<\/th>\n<td style=\"border:none\">Kurucz Ferenc<\/td>\n<\/tr>\n<tr>\n<th style=\"width:25%;text-align:right;border:none\">Ellen\u0151r\u00f6k<\/th>\n<td style=\"border:none\">\u2013<\/td>\n<\/tr>\n<\/tbody>\n<\/table>\n<h2>1987\u20131989<\/h2>\n<table>\n<tbody>\n<tr>\n<th style=\"width:25%;text-align:right;border:none\">Eln\u00f6k<\/th>\n<td style=\"border:none\">Gy\u0151rffy Lajos<\/td>\n<\/tr>\n<tr>\n<th style=\"width:25%;text-align:right;border:none\">Aleln\u00f6k<\/th>\n<td style=\"border:none\">Sz\u00e1raz L\u00e1szl\u00f3 (mand\u00e1tuma k\u00f6zben lemond)<br \/>Bakonyi Endre<\/td>\n<\/tr>\n<tr>\n<th style=\"width:25%;text-align:right;border:none\">Titk\u00e1r<\/th>\n<td style=\"border:none\">Boros G\u00e9za<\/td>\n<\/tr>\n<tr>\n<th style=\"width:25%;text-align:right;border:none\">P\u00e9nzt\u00e1ros<\/th>\n<td style=\"border:none\">Boros G\u00e9za<\/td>\n<\/tr>\n<tr>\n<th style=\"width:25%;text-align:right;border:none\">Ellen\u0151r\u00f6k<\/th>\n<td style=\"border:none\">Gy\u0151rffy Lajos<br \/>Haboly M.<\/td>\n<\/tr>\n<\/tbody>\n<\/table>\n<p>1987. janu\u00e1r 9-\u00e9n alapszab\u00e1ly v\u00e1ltoz\u00e1s ker\u00fcl beiktat\u00e1sra a Consumer &#038; Corporate Affairs Canada hivatal\u00e1ban.<\/p>\n<h2>1985\u20131987<\/h2>\n<table>\n<tbody>\n<tr>\n<th style=\"width:25%;text-align:right;border:none\">Eln\u00f6k<\/th>\n<td style=\"border:none\">P\u00e9ter Attila<\/td>\n<\/tr>\n<tr>\n<th style=\"width:25%;text-align:right;border:none\">Aleln\u00f6k<\/th>\n<td style=\"border:none\">Sz\u00e1raz L\u00e1szl\u00f3<\/td>\n<\/tr>\n<tr>\n<th style=\"width:25%;text-align:right;border:none\">Titk\u00e1r<\/th>\n<td style=\"border:none\">Gy\u0151rffy Lajos<\/td>\n<\/tr>\n<tr>\n<th style=\"width:25%;text-align:right;border:none\">P\u00e9nzt\u00e1ros<\/th>\n<td style=\"border:none\">Gy\u0151rffy Lajos<\/td>\n<\/tr>\n<tr>\n<th style=\"width:25%;text-align:right;border:none\">Ellen\u0151r\u00f6k<\/th>\n<td style=\"border:none\">\u2013<\/td>\n<\/tr>\n<\/tbody>\n<\/table>\n<p>Beindul a k\u00e9t \u00e9ves vezet\u0151s\u00e9gi ciklus.<\/p>\n<h2>1984<\/h2>\n<p>A vezet\u0151s\u00e9gv\u00e1laszt\u00e1si kr\u00edzist k\u00f6vet\u0151 peresked\u00e9s alatt a Magyar H\u00e1z 1985 m\u00e1rcius\u00e1ig z\u00e1rva tart egy, a kanadai b\u00edr\u00f3s\u00e1g \u00e1ltal kinevezett, gondnok fel\u00fcgyelete alatt.<\/p>\n<h2>1983\u20131984<\/h2>\n<table>\n<tbody>\n<tr>\n<th style=\"width:25%;text-align:right;border:none\">Eln\u00f6k<\/th>\n<td style=\"border:none\">Nagy Ferenc<\/td>\n<\/tr>\n<tr>\n<th style=\"width:25%;text-align:right;border:none\">Aleln\u00f6k<\/th>\n<td style=\"border:none\">Sz\u00e1raz L\u00e1szl\u00f3<\/td>\n<\/tr>\n<tr>\n<th style=\"width:25%;text-align:right;border:none\">Titk\u00e1r<\/th>\n<td style=\"border:none\">Holl\u00f3 Gy\u00f6rgy<\/td>\n<\/tr>\n<tr>\n<th style=\"width:25%;text-align:right;border:none\">P\u00e9nzt\u00e1ros<\/th>\n<td style=\"border:none\">Link Gyula<\/td>\n<\/tr>\n<tr>\n<th style=\"width:25%;text-align:right;vertical-align:top;border:none\">Ellen\u0151r\u00f6k<\/th>\n<td style=\"border:none\">Bakonyi Endre<br \/>Bobics Jen\u0151<br \/>J\u00f3n\u00e1s Antal<\/td>\n<\/tr>\n<\/tbody>\n<\/table>\n<p>Zongora v\u00e1s\u00e1rl\u00e1s adom\u00e1nyokb\u00f3l \u00e9s v\u00e1s\u00e1rokb\u00f3l.<\/p>\n<p>A vezet\u0151s\u00e9g beind\u00edtja az Ottawa Magyar TV m\u0171sor\u00e1t (Nagy Ferenc, Holl\u00f3 Gy\u00f6rgy, H\u00e1mory Tam\u00e1s, Horv\u00e1th Antal \u00e9s m\u00e1s t\u00e1rsak szerkeszt\u00e9s\u00e9ben)<\/p>\n<h2>1982<\/h2>\n<table>\n<tbody>\n<tr>\n<th style=\"width:25%;text-align:right;border:none\">Eln\u00f6k<\/th>\n<td style=\"border:none\">Gy\u0151rffy Lajos<\/td>\n<\/tr>\n<tr>\n<th style=\"width:25%;text-align:right;border:none\">Aleln\u00f6k<\/th>\n<td style=\"border:none\">K\u00e1lm\u00e1n Mikl\u00f3s<\/td>\n<\/tr>\n<tr>\n<th style=\"width:25%;text-align:right;border:none\">Titk\u00e1r<\/th>\n<td style=\"border:none\">P\u00e9ter Attila<\/td>\n<\/tr>\n<tr>\n<th style=\"width:25%;text-align:right;border:none\">P\u00e9nzt\u00e1ros<\/th>\n<td style=\"border:none\">Link Gyula<\/td>\n<\/tr>\n<tr>\n<th style=\"width:25%;text-align:right;border:none\">Ellen\u0151r\u00f6k<\/th>\n<td style=\"border:none\">Boros G\u00e9za<br \/>Nagy Ferenc<br \/>J\u00f3n\u00e1s Antal<\/td>\n<\/tr>\n<\/tbody>\n<\/table>\n<p>Megt\u00f6rt\u00e9nik az egyes\u00fclet hivatalos n\u00e9vv\u00e1ltoztat\u00e1sa a Consumer &#038; Corporate Affairs Canada 1982. febru\u00e1r 1-\u00e9n beiktatja az Ottawai Magyar K\u00f6z\u00f6ss\u00e9gi K\u00f6zpont (Ottawa Hungarian Community Centre) elnevez\u00e9st.<\/p>\n<h2>1981<\/h2>\n<table>\n<tbody>\n<tr>\n<th style=\"width:25%;text-align:right;border:none\">Eln\u00f6k<\/th>\n<td style=\"border:none\">Gy\u0151rffy Lajos<\/td>\n<\/tr>\n<tr>\n<th style=\"width:25%;text-align:right;border:none\">Aleln\u00f6k<\/th>\n<td style=\"border:none\">Sz\u00e1raz L\u00e1szl\u00f3<\/td>\n<\/tr>\n<tr>\n<th style=\"width:25%;text-align:right;border:none\">Titk\u00e1r<\/th>\n<td style=\"border:none\">Szlama J\u00f3zsef<\/td>\n<\/tr>\n<tr>\n<th style=\"width:25%;text-align:right;border:none\">P\u00e9nzt\u00e1ros<\/th>\n<td style=\"border:none\">K\u00e1lm\u00e1n Mikl\u00f3s<\/td>\n<\/tr>\n<tr>\n<th style=\"width:25%;text-align:right;vertical-align:top;border:none\">Ellen\u0151r\u00f6k<\/th>\n<td style=\"border:none\">Boda J\u00f3zsef<br \/>Boros G\u00e9za<br \/>Jagodics J\u00e1nos<br \/>Kiska J\u00f3zsef<\/td>\n<\/tr>\n<\/tbody>\n<\/table>\n<p>A Magyar H\u00e1z egy \u00e9ven \u00e1t tart\u00f3 renov\u00e1ci\u00f3ja ut\u00e1n, amelyben az akkori tagok (p\u00e9nzadom\u00e1nyokkal \u00e9s k\u00e9tkezi munk\u00e1val) kiv\u00e9tel n\u00e9lk\u00fcl r\u00e9szt vesznek, 1981. j\u00falius 3-\u00e1n ny\u00edlik meg hivatalosan. A megnyit\u00f3 \u00fcnneps\u00e9gen r\u00e9szt vesz Hon. James Fleming, Minister of State for Multiculturalism.<\/p>\n<h2>1980<\/h2>\n<table>\n<tbody>\n<tr>\n<th style=\"width:25%;text-align:right;border:none\">Eln\u00f6k<\/th>\n<td style=\"border:none\">Gy\u0151rffy Lajos<\/td>\n<\/tr>\n<tr>\n<th style=\"width:25%;text-align:right;border:none\">Aleln\u00f6k<\/th>\n<td style=\"border:none\">Boda J\u00f3zsef<\/td>\n<\/tr>\n<tr>\n<th style=\"width:25%;text-align:right;border:none\">Titk\u00e1r<\/th>\n<td style=\"border:none\">P\u00e9ter Attila<\/td>\n<\/tr>\n<tr>\n<th style=\"width:25%;text-align:right;border:none\">P\u00e9nzt\u00e1ros<\/th>\n<td style=\"border:none\">Nagy Ferenc<\/td>\n<\/tr>\n<tr>\n<th style=\"width:25%;text-align:right;vertical-align:top;border:none\">Ellen\u0151r\u00f6k<\/th>\n<td style=\"border:none\">Asboth Imre<br \/>J\u00f3n\u00e1s Antal<br \/>Link Gyula<\/td>\n<\/tr>\n<\/tbody>\n<\/table>\n<p>Az Egyes\u00fclet otthont keres \u00e9s megb\u00edzza Szelepcs\u00e9nyi Ern\u0151, ingatlan szak\u00e9rt\u0151t, hogy keressen a c\u00e9lnak megfelel\u0151 \u00e9p\u00fcletet. A kiv\u00e1lasztott \u2013 m\u00e1ig otthont ad\u00f3 \u2013 \u00e9p\u00fclet 1980. m\u00e1jus 30-\u00e1n ker\u00fclt az Egyes\u00fclet tulajdon\u00e1ba.<\/p>\n<h2>1979<\/h2>\n<table>\n<tbody>\n<tr>\n<th style=\"width:25%;text-align:right;border:none\">Eln\u00f6k<\/th>\n<td style=\"border:none\">Gy\u0151rffy Lajos<\/td>\n<\/tr>\n<tr>\n<th style=\"width:25%;text-align:right;border:none\">Aleln\u00f6k<\/th>\n<td style=\"border:none\">Bakonyi Endre<\/td>\n<\/tr>\n<tr>\n<th style=\"width:25%;text-align:right;border:none\">Titk\u00e1r<\/th>\n<td style=\"border:none\">Boda J\u00f3zsef<\/td>\n<\/tr>\n<tr>\n<th style=\"width:25%;text-align:right;border:none\">P\u00e9nzt\u00e1ros<\/th>\n<td style=\"border:none\">Nagy Ferenc<\/td>\n<\/tr>\n<tr>\n<th style=\"width:25%;text-align:right;border:none\">Ellen\u0151r\u00f6k<\/th>\n<td style=\"border:none\">Bozs\u00f3 L<br \/>K\u00e1lm\u00e1n Mikl\u00f3s<br \/>Link Gyula<\/td>\n<\/tr>\n<\/tbody>\n<\/table>\n<h2>1978<\/h2>\n<table>\n<tbody>\n<tr>\n<th style=\"width:25%;text-align:right;border:none\">Eln\u00f6k<\/th>\n<td style=\"border:none\">Sz\u00e1raz L\u00e1szl\u00f3<\/td>\n<\/tr>\n<tr>\n<th style=\"width:25%;text-align:right;border:none\">Aleln\u00f6k<\/th>\n<td style=\"border:none\">Gy\u0151rffy Lajos<\/td>\n<\/tr>\n<tr>\n<th style=\"width:25%;text-align:right;border:none\">Titk\u00e1r<\/th>\n<td style=\"border:none\">Bakonyi Endre<\/td>\n<\/tr>\n<tr>\n<th style=\"width:25%;text-align:right;border:none\">P\u00e9nzt\u00e1ros<\/th>\n<td style=\"border:none\">P\u00e1pai \u00c1rp\u00e1d<\/td>\n<\/tr>\n<tr>\n<th style=\"width:25%;text-align:right;border:none\">Ellen\u0151r\u00f6k<\/th>\n<td style=\"border:none\">Boda J\u00f3zsef<br \/>Szick Istv\u00e1n<br \/>Kiss J\u00f3zsef<\/td>\n<\/tr>\n<\/tbody>\n<\/table>\n<h2>1977<\/h2>\n<table>\n<tbody>\n<tr>\n<th style=\"width:25%;text-align:right;border:none\">Eln\u00f6k<\/th>\n<td style=\"border:none\">Sz\u00e1raz L\u00e1szl\u00f3<\/td>\n<\/tr>\n<tr>\n<th style=\"width:25%;text-align:right;border:none\">Aleln\u00f6k<\/th>\n<td style=\"border:none\">De\u00e1k J\u00e1nos<\/td>\n<\/tr>\n<tr>\n<th style=\"width:25%;text-align:right;border:none\">Titk\u00e1r<\/th>\n<td style=\"border:none\">P\u00e9ter Attila<\/td>\n<\/tr>\n<tr>\n<th style=\"width:25%;text-align:right;border:none\">P\u00e9nzt\u00e1ros<\/th>\n<td style=\"border:none\">Nagy Ferenc<\/td>\n<\/tr>\n<tr>\n<th style=\"width:25%;text-align:right;border:none\">Ellen\u0151r\u00f6k<\/th>\n<td style=\"border:none\">Link Gyula<br \/>Gy\u0151rffy Lajos<\/td>\n<\/tr>\n<\/tbody>\n<\/table>\n<p>Megt\u00f6rt\u00e9nik az Egyes\u00fclet hivatalos beiktat\u00e1sa a Consumer &#038; Corporate Affairs Canada \u00e1ltal (1977. szeptember 20.) \u2013 a vezet\u0151s\u00e9gv\u00e1laszt\u00e1s ett\u0151l kezdve m\u00e1rciusban zajlik.<\/p>\n<h2>1976<\/h2>\n<p>Megalakul az Ottawai Magyar Hal\u00e1sz-Vad\u00e1sz Egyes\u00fclet \u00e9s megkezdi a hivatalos beiktat\u00e1shoz vezet\u0151 els\u0151 l\u00e9p\u00e9seket.<\/p>\n<table>\n<tbody>\n<tr>\n<th style=\"width:25%;text-align:right;border:none\">Eln\u00f6k<\/th>\n<td style=\"border:none\">Sz\u00e1raz L\u00e1szl\u00f3<\/td>\n<\/tr>\n<tr>\n<th style=\"width:25%;text-align:right;border:none\">Aleln\u00f6k<\/th>\n<td style=\"border:none\">De\u00e1k J\u00e1nos<\/td>\n<\/tr>\n<tr>\n<th style=\"width:25%;text-align:right;border:none\">Titk\u00e1r<\/th>\n<td style=\"border:none\">Haboly Ferenc<\/td>\n<\/tr>\n<tr>\n<th style=\"width:25%;text-align:right;border:none\">P\u00e9nzt\u00e1ros<\/th>\n<td style=\"border:none\">Nagy Ferenc<\/td>\n<\/tr>\n<tr>\n<th style=\"width:25%;text-align:right;vertical-align:top;border:none\">Ellen\u0151r\u00f6k<\/th>\n<td style=\"border:none\">Bakonyi Endre<br \/>Lik\u00f3 G.<br \/>Gy\u0151rffy Lajos<\/td>\n<\/tr>\n<\/tbody>\n<\/table>\n","protected":false},"excerpt":{"rendered":"<p>2021\u20132023 Eln\u00f6k B\u00e1ns\u00e1gi Rudolf Aleln\u00f6k Szeri B\u00e9la Titk\u00e1r \u2013 P\u00e9nzt\u00e1ros Palencs\u00e1r Edit Igazgat\u00f3i tan\u00e1cstagok Szab\u00f3 B\u00e9la Ellen\u0151r\u00f6k Balogh G\u00e1borK\u00f6nt\u00e9s FerencV\u00e9ghely Tibor Karbantart\u00e1si igazgat\u00f3 B\u00e1ns\u00e1gi Rudolf Kultur\u00e1lis igazgat\u00f3 Finta G\u00e1bor Technikai igazgat\u00f3 \u2013 2019\u20132021 Eln\u00f6k Dr. Lapohos Tibor Aleln\u00f6k Finta G\u00e1bor Titk\u00e1r T\u00f3th Magdolna (mand\u00e1tuma k\u00f6zben lemond) P\u00e9nzt\u00e1ros Palencs\u00e1r Edit Igazgat\u00f3i tan\u00e1cstagok B\u00e1ns\u00e1gi RudolfK\u00f6nt\u00e9s FerencSzab\u00f3 B\u00e9la [&hellip;]<\/p>\n","protected":false},"author":1,"featured_media":0,"parent":34,"menu_order":84000,"comment_status":"closed","ping_status":"closed","template":"","meta":[],"_links":{"self":[{"href":"https:\/\/omh-ohcc.ca\/hu\/wp-json\/wp\/v2\/pages\/437289"}],"collection":[{"href":"https:\/\/omh-ohcc.ca\/hu\/wp-json\/wp\/v2\/pages"}],"about":[{"href":"https:\/\/omh-ohcc.ca\/hu\/wp-json\/wp\/v2\/types\/page"}],"author":[{"embeddable":true,"href":"https:\/\/omh-ohcc.ca\/hu\/wp-json\/wp\/v2\/users\/1"}],"replies":[{"embeddable":true,"href":"https:\/\/omh-ohcc.ca\/hu\/wp-json\/wp\/v2\/comments?post=437289"}],"version-history":[{"count":8,"href":"https:\/\/omh-ohcc.ca\/hu\/wp-json\/wp\/v2\/pages\/437289\/revisions"}],"predecessor-version":[{"id":439253,"href":"https:\/\/omh-ohcc.ca\/hu\/wp-json\/wp\/v2\/pages\/437289\/revisions\/439253"}],"up":[{"embeddable":true,"href":"https:\/\/omh-ohcc.ca\/hu\/wp-json\/wp\/v2\/pages\/34"}],"wp:attachment":[{"href":"https:\/\/omh-ohcc.ca\/hu\/wp-json\/wp\/v2\/media?parent=437289"}],"curies":[{"name":"wp","href":"https:\/\/api.w.org\/{rel}","templated":true}]}}